{"id":3,"date":"2021-05-13T14:32:00","date_gmt":"2021-05-13T14:32:00","guid":{"rendered":"http:\/\/pajzsmirigypszichologia.hu\/?page_id=3"},"modified":"2025-07-02T08:40:21","modified_gmt":"2025-07-02T08:40:21","slug":"privacy-policy","status":"publish","type":"page","link":"https:\/\/pajzsmirigypszichologia.hu\/en\/privacy-policy\/","title":{"rendered":"Privacy Policy"},"content":{"rendered":"<p>Hat\u00e1lyos: 2022. augusztus 31. napj\u00e1t\u00f3l<\/p>\n\n\n\n<h3 class=\"wp-block-heading\">1. Az adatkezel\u0151 adatai<\/h3>\n\n\n\n<ul class=\"wp-block-list\">\n<li><strong>N\u00e9v:<\/strong> Kollerits Eliza M\u00f3nika egy\u00e9ni v\u00e1llalkoz\u00f3<\/li>\n\n\n\n<li>Nyilv\u00e1ntart\u00e1si sz\u00e1ma: 57509172<\/li>\n\n\n\n<li>Ad\u00f3sz\u00e1ma: 59467733-1-38<\/li>\n\n\n\n<li><strong>E-mail:<\/strong> <a>eliza.kollerits@gmail.com<\/a><\/li>\n\n\n\n<li><strong>Telefonsz\u00e1m:<\/strong> +36 30 292 8131<\/li>\n\n\n\n<li><strong>Honlap:<\/strong> <a href=\"https:\/\/pajzsmirigypszichologia.hu\/en\/\">https:\/\/pajzsmirigypszichologia.hu\/<\/a><\/li>\n<\/ul>\n\n\n\n<h3 class=\"wp-block-heading\">2. Adatkezel\u00e9si alapelvek<\/h3>\n\n\n\n<p>Az adatkezel\u00e9s sor\u00e1n az al\u00e1bbi alapelveket k\u00f6vetem, az \u00e1ltal\u00e1nos adatv\u00e9delmi rendelet (GDPR) el\u0151\u00edr\u00e1sainak megfelel\u0151en:<\/p>\n\n\n\n<ul class=\"wp-block-list\">\n<li>A szem\u00e9lyes adatokat jogszer\u0171en, tisztess\u00e9gesen \u00e9s az \u00e9rintett sz\u00e1m\u00e1ra \u00e1tl\u00e1that\u00f3 m\u00f3don kezelem.<\/li>\n\n\n\n<li>Az adatokat csak meghat\u00e1rozott, egy\u00e9rtelm\u0171 \u00e9s jogszer\u0171 c\u00e9lb\u00f3l gy\u0171jt\u00f6m, \u00e9s nem kezelem azokat ezekkel \u00f6ssze nem egyeztethet\u0151 m\u00f3don.<\/li>\n\n\n\n<li>Az adatok a c\u00e9l szempontj\u00e1b\u00f3l megfelel\u0151ek, relev\u00e1nsak \u00e9s csak a sz\u00fcks\u00e9ges m\u00e9rt\u00e9k\u0171ek.<\/li>\n\n\n\n<li>A lehet\u0151 legt\u00f6bb \u00e9szszer\u0171 int\u00e9zked\u00e9st megteszem annak \u00e9rdek\u00e9ben, hogy az adatok pontosak \u00e9s naprak\u00e9szek legyenek.<\/li>\n\n\n\n<li>Az adatokat csak a sz\u00fcks\u00e9ges ideig t\u00e1rolom.<\/li>\n\n\n\n<li>Megfelel\u0151 technikai \u00e9s szervez\u00e9si int\u00e9zked\u00e9sekkel biztos\u00edtom az adatok biztons\u00e1g\u00e1t.<\/li>\n\n\n\n<li>Az \u00d6n szem\u00e9lyes adatait kiz\u00e1r\u00f3lag el\u0151zetes, \u00f6nk\u00e9ntes hozz\u00e1j\u00e1rul\u00e1sa alapj\u00e1n, c\u00e9lhoz k\u00f6t\u00f6tten \u00e9s a sz\u00fcks\u00e9ges m\u00e9rt\u00e9kben kezelem.<\/li>\n\n\n\n<li>Egyes esetekben az adatkezel\u00e9s jogszab\u00e1lyon alapul, amely k\u00f6telez\u0151, err\u0151l minden esetben t\u00e1j\u00e9koztatom \u00d6nt.<\/li>\n\n\n\n<li>Bizonyos esetekben jogos \u00e9rdek is megalapozhatja az adatkezel\u00e9st, p\u00e9ld\u00e1ul a honlap m\u0171k\u00f6dtet\u00e9se \u00e9s biztons\u00e1ga \u00e9rdek\u00e9ben.<\/li>\n<\/ul>\n\n\n\n<h3 class=\"wp-block-heading\">3. Kezelt adatok k\u00f6re<\/h3>\n\n\n\n<ul class=\"wp-block-list\">\n<li>Full Name<\/li>\n\n\n\n<li>Email<\/li>\n\n\n\n<li>Sz\u00e1ml\u00e1z\u00e1si c\u00edm<\/li>\n<\/ul>\n\n\n\n<h3 class=\"wp-block-heading\">4. Az adatkezel\u00e9s c\u00e9lja<\/h3>\n\n\n\n<ul class=\"wp-block-list\">\n<li>Kapcsolatfelv\u00e9tel kezel\u00e9se<\/li>\n\n\n\n<li>Szolg\u00e1ltat\u00e1s teljes\u00edt\u00e9se \u00e9s sz\u00e1mlaki\u00e1ll\u00edt\u00e1s<\/li>\n<\/ul>\n\n\n\n<h3 class=\"wp-block-heading\">5. Az adatkezel\u00e9s jogalapja<\/h3>\n\n\n\n<p>Az adatkezel\u00e9s az <strong>EUR\u00d3PAI PARLAMENT \u00c9S A TAN\u00c1CS 2016. \u00e1prilis 27-i (EU) 2016\/679 RENDELETE<\/strong> (GDPR) alapj\u00e1n t\u00f6rt\u00e9nik:<\/p>\n\n\n\n<ul class=\"wp-block-list\">\n<li>Kapcsolatfelv\u00e9tel: az \u00e9rintett hozz\u00e1j\u00e1rul\u00e1sa (6. cikk (1) a) pont)<\/li>\n\n\n\n<li>Szolg\u00e1ltat\u00e1s, sz\u00e1ml\u00e1z\u00e1s: a szerz\u0151d\u00e9s teljes\u00edt\u00e9se (6. cikk (1) b) pont)<\/li>\n\n\n\n<li>K\u00f6telez\u0151 sz\u00e1mlameg\u0151rz\u00e9s: jogi k\u00f6telezetts\u00e9g (6. cikk (1) c) pont)<\/li>\n<\/ul>\n\n\n\n<h3 class=\"wp-block-heading\">6. Az adatok forr\u00e1sa<\/h3>\n\n\n\n<p>Az adatokat \u00d6n adja meg \u00f6nk\u00e9ntesen a honlap <strong>\u0171rlapj\u00e1n kereszt\u00fcl<\/strong>.<\/p>\n\n\n\n<h3 class=\"wp-block-heading\">7. Adatt\u00e1rol\u00e1s id\u0151tartama<\/h3>\n\n\n\n<ul class=\"wp-block-list\">\n<li>Kapcsolatfelv\u00e9telhez kapcsol\u00f3d\u00f3 adatokat <strong>legfeljebb 6 h\u00f3napig<\/strong> t\u00e1rolom.<\/li>\n\n\n\n<li>Sz\u00e1ml\u00e1z\u00e1si adatokat a <strong>sz\u00e1mviteli t\u00f6rv\u00e9ny alapj\u00e1n 8 \u00e9vig<\/strong> \u0151rz\u00f6m meg.<\/li>\n<\/ul>\n\n\n\n<h3 class=\"wp-block-heading\">8. Adattov\u00e1bb\u00edt\u00e1s<\/h3>\n\n\n\n<p>A ki\u00e1ll\u00edtott sz\u00e1ml\u00e1kat a k\u00f6nyvel\u0151m l\u00e1tja, amelyeken szerepel n\u00e9v \u00e9s sz\u00e1ml\u00e1z\u00e1si c\u00edm.<br>Egy\u00e9b adattov\u00e1bb\u00edt\u00e1s nem t\u00f6rt\u00e9nik.<\/p>\n\n\n\n<h3 class=\"wp-block-heading\">9. Cookie-k haszn\u00e1lata<\/h3>\n\n\n\n<p>A honlap <strong>nem haszn\u00e1l s\u00fctiket<\/strong> \u00e9s nem alkalmaz nyomk\u00f6vet\u0151 technol\u00f3gi\u00e1kat.<\/p>\n\n\n\n<h3 class=\"wp-block-heading\">10. Webshop m\u0171k\u00f6d\u00e9se<\/h3>\n\n\n\n<p>A webshop haszn\u00e1lata sor\u00e1n az al\u00e1bbi adatok ker\u00fclnek r\u00f6gz\u00edt\u00e9sre:<\/p>\n\n\n\n<ul class=\"wp-block-list\">\n<li>Full Name<\/li>\n\n\n\n<li>Email<\/li>\n\n\n\n<li>Sz\u00e1ml\u00e1z\u00e1si c\u00edm<\/li>\n<\/ul>\n\n\n\n<p>Ezek kiz\u00e1r\u00f3lag a v\u00e1s\u00e1rl\u00e1s teljes\u00edt\u00e9s\u00e9hez \u00e9s a sz\u00e1mla ki\u00e1ll\u00edt\u00e1s\u00e1hoz sz\u00fcks\u00e9gesek.<\/p>\n\n\n\n<h3 class=\"wp-block-heading\">11. Az \u00e9rintettek jogai<\/h3>\n\n\n\n<p>\u00d6n jogosult:<\/p>\n\n\n\n<ul class=\"wp-block-list\">\n<li>t\u00e1j\u00e9koztat\u00e1st k\u00e9rni a kezelt adatair\u00f3l,<\/li>\n\n\n\n<li>k\u00e9rni azok helyesb\u00edt\u00e9s\u00e9t vagy t\u00f6rl\u00e9s\u00e9t,<\/li>\n\n\n\n<li>korl\u00e1tozni az adatkezel\u00e9st,<\/li>\n\n\n\n<li>visszavonni a hozz\u00e1j\u00e1rul\u00e1s\u00e1t,<\/li>\n\n\n\n<li>panaszt beny\u00fajtani a <strong>Nemzeti Adatv\u00e9delmi \u00e9s Inform\u00e1ci\u00f3szabads\u00e1g Hat\u00f3s\u00e1ghoz (NAIH)<\/strong><\/li>\n<\/ul>","protected":false},"excerpt":{"rendered":"<p>Hat\u00e1lyos: 2022. augusztus 31. napj\u00e1t\u00f3l 1. Az adatkezel\u0151 adatai 2. Adatkezel\u00e9si alapelvek Az adatkezel\u00e9s sor\u00e1n az al\u00e1bbi alapelveket k\u00f6vetem, az \u00e1ltal\u00e1nos adatv\u00e9delmi rendelet (GDPR) el\u0151\u00edr\u00e1sainak megfelel\u0151en: 3. Kezelt adatok k\u00f6re 4. Az adatkezel\u00e9s c\u00e9lja 5. Az adatkezel\u00e9s jogalapja Az adatkezel\u00e9s az EUR\u00d3PAI PARLAMENT \u00c9S A TAN\u00c1CS 2016. \u00e1prilis 27-i (EU) 2016\/679 RENDELETE (GDPR) alapj\u00e1n t\u00f6rt\u00e9nik: 6. Az adatok forr\u00e1sa Az adatokat \u00d6n adja meg \u00f6nk\u00e9ntesen a honlap \u0171rlapj\u00e1n kereszt\u00fcl. 7. Adatt\u00e1rol\u00e1s id\u0151tartama 8. Adattov\u00e1bb\u00edt\u00e1s A ki\u00e1ll\u00edtott sz\u00e1ml\u00e1kat a k\u00f6nyvel\u0151m l\u00e1tja, amelyeken szerepel n\u00e9v \u00e9s sz\u00e1ml\u00e1z\u00e1si c\u00edm.Egy\u00e9b adattov\u00e1bb\u00edt\u00e1s nem t\u00f6rt\u00e9nik. 9. Cookie-k haszn\u00e1lata A honlap nem haszn\u00e1l s\u00fctiket \u00e9s nem alkalmaz nyomk\u00f6vet\u0151 technol\u00f3gi\u00e1kat. 10. Webshop m\u0171k\u00f6d\u00e9se A webshop haszn\u00e1lata sor\u00e1n az al\u00e1bbi adatok ker\u00fclnek r\u00f6gz\u00edt\u00e9sre: Ezek kiz\u00e1r\u00f3lag a v\u00e1s\u00e1rl\u00e1s teljes\u00edt\u00e9s\u00e9hez \u00e9s a sz\u00e1mla ki\u00e1ll\u00edt\u00e1s\u00e1hoz sz\u00fcks\u00e9gesek. 11. Az \u00e9rintettek jogai \u00d6n jogosult:<\/p>","protected":false},"author":1,"featured_media":0,"parent":0,"menu_order":0,"comment_status":"closed","ping_status":"open","template":"","meta":{"footnotes":""},"class_list":["post-3","page","type-page","status-publish","hentry"],"yoast_head":"<!-- This site is optimized with the Yoast SEO plugin v27.5 - https:\/\/yoast.com\/product\/yoast-seo-wordpress\/ -->\n<title>Privacy Policy - Pajzsmirigy Pszichol\u00f3gia<\/title>\n<meta name=\"robots\" content=\"index, follow, max-snippet:-1, max-image-preview:large, max-video-preview:-1\" \/>\n<link rel=\"canonical\" href=\"https:\/\/pajzsmirigypszichologia.hu\/en\/privacy-policy\/\" \/>\n<meta property=\"og:locale\" content=\"en_GB\" \/>\n<meta property=\"og:type\" content=\"article\" \/>\n<meta property=\"og:title\" content=\"Privacy Policy - Pajzsmirigy Pszichol\u00f3gia\" \/>\n<meta property=\"og:description\" content=\"Hat\u00e1lyos: 2022. augusztus 31. napj\u00e1t\u00f3l 1. Az adatkezel\u0151 adatai 2. Adatkezel\u00e9si alapelvek Az adatkezel\u00e9s sor\u00e1n az al\u00e1bbi alapelveket k\u00f6vetem, az \u00e1ltal\u00e1nos adatv\u00e9delmi rendelet (GDPR) el\u0151\u00edr\u00e1sainak megfelel\u0151en: 3. Kezelt adatok k\u00f6re 4. Az adatkezel\u00e9s c\u00e9lja 5. Az adatkezel\u00e9s jogalapja Az adatkezel\u00e9s az EUR\u00d3PAI PARLAMENT \u00c9S A TAN\u00c1CS 2016. \u00e1prilis 27-i (EU) 2016\/679 RENDELETE (GDPR) alapj\u00e1n t\u00f6rt\u00e9nik: 6. Az adatok forr\u00e1sa Az adatokat \u00d6n adja meg \u00f6nk\u00e9ntesen a honlap \u0171rlapj\u00e1n kereszt\u00fcl. 7. Adatt\u00e1rol\u00e1s id\u0151tartama 8. Adattov\u00e1bb\u00edt\u00e1s A ki\u00e1ll\u00edtott sz\u00e1ml\u00e1kat a k\u00f6nyvel\u0151m l\u00e1tja, amelyeken szerepel n\u00e9v \u00e9s sz\u00e1ml\u00e1z\u00e1si c\u00edm.Egy\u00e9b adattov\u00e1bb\u00edt\u00e1s nem t\u00f6rt\u00e9nik. 9. Cookie-k haszn\u00e1lata A honlap nem haszn\u00e1l s\u00fctiket \u00e9s nem alkalmaz nyomk\u00f6vet\u0151 technol\u00f3gi\u00e1kat. 10. Webshop m\u0171k\u00f6d\u00e9se A webshop haszn\u00e1lata sor\u00e1n az al\u00e1bbi adatok ker\u00fclnek r\u00f6gz\u00edt\u00e9sre: Ezek kiz\u00e1r\u00f3lag a v\u00e1s\u00e1rl\u00e1s teljes\u00edt\u00e9s\u00e9hez \u00e9s a sz\u00e1mla ki\u00e1ll\u00edt\u00e1s\u00e1hoz sz\u00fcks\u00e9gesek. 11. Az \u00e9rintettek jogai \u00d6n jogosult:\" \/>\n<meta property=\"og:url\" content=\"https:\/\/pajzsmirigypszichologia.hu\/en\/privacy-policy\/\" \/>\n<meta property=\"og:site_name\" content=\"Pajzsmirigy Pszichol\u00f3gia\" \/>\n<meta property=\"article:modified_time\" content=\"2025-07-02T08:40:21+00:00\" \/>\n<meta name=\"twitter:card\" content=\"summary_large_image\" \/>\n<meta name=\"twitter:label1\" content=\"Estimated reading time\" \/>\n\t<meta name=\"twitter:data1\" content=\"2 minutes\" \/>\n<script type=\"application\/ld+json\" class=\"yoast-schema-graph\">{\"@context\":\"https:\\\/\\\/schema.org\",\"@graph\":[{\"@type\":\"WebPage\",\"@id\":\"https:\\\/\\\/pajzsmirigypszichologia.hu\\\/privacy-policy\\\/\",\"url\":\"https:\\\/\\\/pajzsmirigypszichologia.hu\\\/privacy-policy\\\/\",\"name\":\"Privacy Policy - Pajzsmirigy Pszichol\u00f3gia\",\"isPartOf\":{\"@id\":\"https:\\\/\\\/pajzsmirigypszichologia.hu\\\/#website\"},\"datePublished\":\"2021-05-13T14:32:00+00:00\",\"dateModified\":\"2025-07-02T08:40:21+00:00\",\"breadcrumb\":{\"@id\":\"https:\\\/\\\/pajzsmirigypszichologia.hu\\\/privacy-policy\\\/#breadcrumb\"},\"inLanguage\":\"en-GB\",\"potentialAction\":[{\"@type\":\"ReadAction\",\"target\":[\"https:\\\/\\\/pajzsmirigypszichologia.hu\\\/privacy-policy\\\/\"]}]},{\"@type\":\"BreadcrumbList\",\"@id\":\"https:\\\/\\\/pajzsmirigypszichologia.hu\\\/privacy-policy\\\/#breadcrumb\",\"itemListElement\":[{\"@type\":\"ListItem\",\"position\":1,\"name\":\"Kezd\u0151lap\",\"item\":\"https:\\\/\\\/pajzsmirigypszichologia.hu\\\/\"},{\"@type\":\"ListItem\",\"position\":2,\"name\":\"Privacy Policy\"}]},{\"@type\":\"WebSite\",\"@id\":\"https:\\\/\\\/pajzsmirigypszichologia.hu\\\/#website\",\"url\":\"https:\\\/\\\/pajzsmirigypszichologia.hu\\\/\",\"name\":\"Pajzsmirigy Pszichol\u00f3gia\",\"description\":\"Pajzsmirigybetegek lelki eg\u00e9szs\u00e9g\u00e9r\u0151l\",\"publisher\":{\"@id\":\"https:\\\/\\\/pajzsmirigypszichologia.hu\\\/#\\\/schema\\\/person\\\/ada127288f79d621e52461983dc46da2\"},\"potentialAction\":[{\"@type\":\"SearchAction\",\"target\":{\"@type\":\"EntryPoint\",\"urlTemplate\":\"https:\\\/\\\/pajzsmirigypszichologia.hu\\\/?s={search_term_string}\"},\"query-input\":{\"@type\":\"PropertyValueSpecification\",\"valueRequired\":true,\"valueName\":\"search_term_string\"}}],\"inLanguage\":\"en-GB\"},{\"@type\":[\"Person\",\"Organization\"],\"@id\":\"https:\\\/\\\/pajzsmirigypszichologia.hu\\\/#\\\/schema\\\/person\\\/ada127288f79d621e52461983dc46da2\",\"name\":\"Kollerits Eliza\",\"image\":{\"@type\":\"ImageObject\",\"inLanguage\":\"en-GB\",\"@id\":\"https:\\\/\\\/pajzsmirigypszichologia.hu\\\/wp-content\\\/uploads\\\/2021\\\/05\\\/cropped-fejlec2.jpg\",\"url\":\"https:\\\/\\\/pajzsmirigypszichologia.hu\\\/wp-content\\\/uploads\\\/2021\\\/05\\\/cropped-fejlec2.jpg\",\"contentUrl\":\"https:\\\/\\\/pajzsmirigypszichologia.hu\\\/wp-content\\\/uploads\\\/2021\\\/05\\\/cropped-fejlec2.jpg\",\"width\":1124,\"height\":500,\"caption\":\"Kollerits Eliza\"},\"logo\":{\"@id\":\"https:\\\/\\\/pajzsmirigypszichologia.hu\\\/wp-content\\\/uploads\\\/2021\\\/05\\\/cropped-fejlec2.jpg\"},\"sameAs\":[\"https:\\\/\\\/pajzsmirigypszichologia.hu\"]}]}<\/script>\n<!-- \/ Yoast SEO plugin. -->","yoast_head_json":{"title":"Privacy Policy - Pajzsmirigy Pszichol\u00f3gia","robots":{"index":"index","follow":"follow","max-snippet":"max-snippet:-1","max-image-preview":"max-image-preview:large","max-video-preview":"max-video-preview:-1"},"canonical":"https:\/\/pajzsmirigypszichologia.hu\/en\/privacy-policy\/","og_locale":"en_GB","og_type":"article","og_title":"Privacy Policy - Pajzsmirigy Pszichol\u00f3gia","og_description":"Hat\u00e1lyos: 2022. augusztus 31. napj\u00e1t\u00f3l 1. Az adatkezel\u0151 adatai 2. Adatkezel\u00e9si alapelvek Az adatkezel\u00e9s sor\u00e1n az al\u00e1bbi alapelveket k\u00f6vetem, az \u00e1ltal\u00e1nos adatv\u00e9delmi rendelet (GDPR) el\u0151\u00edr\u00e1sainak megfelel\u0151en: 3. Kezelt adatok k\u00f6re 4. Az adatkezel\u00e9s c\u00e9lja 5. Az adatkezel\u00e9s jogalapja Az adatkezel\u00e9s az EUR\u00d3PAI PARLAMENT \u00c9S A TAN\u00c1CS 2016. \u00e1prilis 27-i (EU) 2016\/679 RENDELETE (GDPR) alapj\u00e1n t\u00f6rt\u00e9nik: 6. Az adatok forr\u00e1sa Az adatokat \u00d6n adja meg \u00f6nk\u00e9ntesen a honlap \u0171rlapj\u00e1n kereszt\u00fcl. 7. Adatt\u00e1rol\u00e1s id\u0151tartama 8. Adattov\u00e1bb\u00edt\u00e1s A ki\u00e1ll\u00edtott sz\u00e1ml\u00e1kat a k\u00f6nyvel\u0151m l\u00e1tja, amelyeken szerepel n\u00e9v \u00e9s sz\u00e1ml\u00e1z\u00e1si c\u00edm.Egy\u00e9b adattov\u00e1bb\u00edt\u00e1s nem t\u00f6rt\u00e9nik. 9. Cookie-k haszn\u00e1lata A honlap nem haszn\u00e1l s\u00fctiket \u00e9s nem alkalmaz nyomk\u00f6vet\u0151 technol\u00f3gi\u00e1kat. 10. Webshop m\u0171k\u00f6d\u00e9se A webshop haszn\u00e1lata sor\u00e1n az al\u00e1bbi adatok ker\u00fclnek r\u00f6gz\u00edt\u00e9sre: Ezek kiz\u00e1r\u00f3lag a v\u00e1s\u00e1rl\u00e1s teljes\u00edt\u00e9s\u00e9hez \u00e9s a sz\u00e1mla ki\u00e1ll\u00edt\u00e1s\u00e1hoz sz\u00fcks\u00e9gesek. 11. Az \u00e9rintettek jogai \u00d6n jogosult:","og_url":"https:\/\/pajzsmirigypszichologia.hu\/en\/privacy-policy\/","og_site_name":"Pajzsmirigy Pszichol\u00f3gia","article_modified_time":"2025-07-02T08:40:21+00:00","twitter_card":"summary_large_image","twitter_misc":{"Estimated reading time":"2 minutes"},"schema":{"@context":"https:\/\/schema.org","@graph":[{"@type":"WebPage","@id":"https:\/\/pajzsmirigypszichologia.hu\/privacy-policy\/","url":"https:\/\/pajzsmirigypszichologia.hu\/privacy-policy\/","name":"Privacy Policy - Pajzsmirigy Pszichol\u00f3gia","isPartOf":{"@id":"https:\/\/pajzsmirigypszichologia.hu\/#website"},"datePublished":"2021-05-13T14:32:00+00:00","dateModified":"2025-07-02T08:40:21+00:00","breadcrumb":{"@id":"https:\/\/pajzsmirigypszichologia.hu\/privacy-policy\/#breadcrumb"},"inLanguage":"en-GB","potentialAction":[{"@type":"ReadAction","target":["https:\/\/pajzsmirigypszichologia.hu\/privacy-policy\/"]}]},{"@type":"BreadcrumbList","@id":"https:\/\/pajzsmirigypszichologia.hu\/privacy-policy\/#breadcrumb","itemListElement":[{"@type":"ListItem","position":1,"name":"Kezd\u0151lap","item":"https:\/\/pajzsmirigypszichologia.hu\/"},{"@type":"ListItem","position":2,"name":"Privacy Policy"}]},{"@type":"WebSite","@id":"https:\/\/pajzsmirigypszichologia.hu\/#website","url":"https:\/\/pajzsmirigypszichologia.hu\/","name":"Thyroid Psychology","description":"Pajzsmirigybetegek lelki eg\u00e9szs\u00e9g\u00e9r\u0151l","publisher":{"@id":"https:\/\/pajzsmirigypszichologia.hu\/#\/schema\/person\/ada127288f79d621e52461983dc46da2"},"potentialAction":[{"@type":"SearchAction","target":{"@type":"EntryPoint","urlTemplate":"https:\/\/pajzsmirigypszichologia.hu\/?s={search_term_string}"},"query-input":{"@type":"PropertyValueSpecification","valueRequired":true,"valueName":"search_term_string"}}],"inLanguage":"en-GB"},{"@type":["Person","Organization"],"@id":"https:\/\/pajzsmirigypszichologia.hu\/#\/schema\/person\/ada127288f79d621e52461983dc46da2","name":"I'm Eliza Kollerits","image":{"@type":"ImageObject","inLanguage":"en-GB","@id":"https:\/\/pajzsmirigypszichologia.hu\/wp-content\/uploads\/2021\/05\/cropped-fejlec2.jpg","url":"https:\/\/pajzsmirigypszichologia.hu\/wp-content\/uploads\/2021\/05\/cropped-fejlec2.jpg","contentUrl":"https:\/\/pajzsmirigypszichologia.hu\/wp-content\/uploads\/2021\/05\/cropped-fejlec2.jpg","width":1124,"height":500,"caption":"Kollerits Eliza"},"logo":{"@id":"https:\/\/pajzsmirigypszichologia.hu\/wp-content\/uploads\/2021\/05\/cropped-fejlec2.jpg"},"sameAs":["https:\/\/pajzsmirigypszichologia.hu"]}]}},"_links":{"self":[{"href":"https:\/\/pajzsmirigypszichologia.hu\/en\/wp-json\/wp\/v2\/pages\/3","targetHints":{"allow":["GET"]}}],"collection":[{"href":"https:\/\/pajzsmirigypszichologia.hu\/en\/wp-json\/wp\/v2\/pages"}],"about":[{"href":"https:\/\/pajzsmirigypszichologia.hu\/en\/wp-json\/wp\/v2\/types\/page"}],"author":[{"embeddable":true,"href":"https:\/\/pajzsmirigypszichologia.hu\/en\/wp-json\/wp\/v2\/users\/1"}],"replies":[{"embeddable":true,"href":"https:\/\/pajzsmirigypszichologia.hu\/en\/wp-json\/wp\/v2\/comments?post=3"}],"version-history":[{"count":2,"href":"https:\/\/pajzsmirigypszichologia.hu\/en\/wp-json\/wp\/v2\/pages\/3\/revisions"}],"predecessor-version":[{"id":966,"href":"https:\/\/pajzsmirigypszichologia.hu\/en\/wp-json\/wp\/v2\/pages\/3\/revisions\/966"}],"wp:attachment":[{"href":"https:\/\/pajzsmirigypszichologia.hu\/en\/wp-json\/wp\/v2\/media?parent=3"}],"curies":[{"name":"wp","href":"https:\/\/api.w.org\/{rel}","templated":true}]}}